{"id":3242,"date":"2026-05-07T13:42:53","date_gmt":"2026-05-07T13:42:53","guid":{"rendered":"https:\/\/theredconference.me\/predavaci\/\/"},"modified":"2026-05-08T09:38:43","modified_gmt":"2026-05-08T09:38:43","slug":"zdravko-dragas","status":"publish","type":"speakers","link":"https:\/\/theredconference.me\/en\/speakers\/zdravko-dragas\/","title":{"rendered":"Zdravko Draga\u0161"},"content":{"rendered":"<h1>Zdravko Draga\u0161<\/h1>\n<figure id=\"attachment_3290\" aria-describedby=\"caption-attachment-3290\" style=\"width: 523px\" class=\"wp-caption alignright\"><img loading=\"lazy\" decoding=\"async\" class=\"wp-image-3290 size-full\" src=\"https:\/\/theredconference.me\/wp-content\/uploads\/2026\/05\/Dragas.png\" alt=\"\" width=\"523\" height=\"674\" \/><figcaption id=\"caption-attachment-3290\" class=\"wp-caption-text\">Zdravko Draga\u0161<\/figcaption><\/figure>\n<h2>Chief Executive Officer, Electric Power Company of Montenegro<\/h2>\n<div class=\"flex max-w-full flex-col gap-4 grow\">\n<div class=\"min-h-8 text-message relative flex w-full flex-col items-end gap-2 text-start break-words whitespace-normal outline-none keyboard-focused:focus-ring [.text-message+&amp;]:mt-1\" dir=\"auto\" tabindex=\"0\" data-message-author-role=\"assistant\" data-message-id=\"d729b5c2-71e7-49fe-a972-4534db2fe05d\" data-message-model-slug=\"gpt-5-3-mini\" data-turn-start-message=\"true\">\n<div class=\"flex w-full flex-col gap-1 empty:hidden\">\n<div class=\"markdown prose dark:prose-invert w-full wrap-break-word light markdown-new-styling\">\n<p class=\"\">Zdravko Draga\u0161 ro\u0111en je 1972. godine u Podgorici. Diplomirani je elektroin\u017eenjer, \u010dlan In\u017eenjerske komore Crne Gore i posjeduje vi\u0161e od dvadeset godina iskustva u energetskom sektoru.<\/p>\n<p class=\"\">Profesionalnu karijeru zapo\u010deo je 2000. godine kao projekt menad\u017eer i izvr\u0161ni direktor u vi\u0161e privrednih dru\u0161tava.<\/p>\n<p class=\"\">Osniva\u010d je i vlasnik kompanije CEMA iz Podgorice, specijalizovane za projektovanje, izvo\u0111enje i nadzor gra\u0111evinsko-instalaterskih radova.<\/p>\n<\/div>\n<\/div>\n<\/div>\n<\/div>\n","protected":false},"excerpt":{"rendered":"<p>Chief Executive Officer, Electric Power Company of Montenegro<\/p>\n","protected":false},"author":4,"featured_media":3290,"menu_order":16,"template":"","meta":{"_acf_changed":false,"_monsterinsights_skip_tracking":false,"footnotes":""},"class_list":["post-3242","speakers","type-speakers","status-publish","has-post-thumbnail","hentry"],"acf":[],"aioseo_notices":[],"_links":{"self":[{"href":"https:\/\/theredconference.me\/en\/wp-json\/wp\/v2\/speakers\/3242","targetHints":{"allow":["GET"]}}],"collection":[{"href":"https:\/\/theredconference.me\/en\/wp-json\/wp\/v2\/speakers"}],"about":[{"href":"https:\/\/theredconference.me\/en\/wp-json\/wp\/v2\/types\/speakers"}],"author":[{"embeddable":true,"href":"https:\/\/theredconference.me\/en\/wp-json\/wp\/v2\/users\/4"}],"version-history":[{"count":3,"href":"https:\/\/theredconference.me\/en\/wp-json\/wp\/v2\/speakers\/3242\/revisions"}],"predecessor-version":[{"id":3291,"href":"https:\/\/theredconference.me\/en\/wp-json\/wp\/v2\/speakers\/3242\/revisions\/3291"}],"wp:featuredmedia":[{"embeddable":true,"href":"https:\/\/theredconference.me\/en\/wp-json\/wp\/v2\/media\/3290"}],"wp:attachment":[{"href":"https:\/\/theredconference.me\/en\/wp-json\/wp\/v2\/media?parent=3242"}],"curies":[{"name":"wp","href":"https:\/\/api.w.org\/{rel}","templated":true}]}}